{"id":4533,"date":"2025-08-11T13:19:12","date_gmt":"2025-08-11T11:19:12","guid":{"rendered":"https:\/\/www.esbelt.com\/accueil\/"},"modified":"2026-04-28T09:51:17","modified_gmt":"2026-04-28T07:51:17","slug":"accueil","status":"publish","type":"page","link":"https:\/\/www.esbelt.com\/fr\/","title":{"rendered":"Votre fabricant de bandes transporteuses"},"content":{"rendered":"\n<div class=\"wp-block-group alignfull is-layout-constrained wp-block-group-is-layout-constrained\">\n<div class=\"wp-block-group is-layout-flow wp-block-group-is-layout-flow\">\n<h1 class=\"wp-block-heading has-text-align-center has-heading-xxl-font-size\">Nous maintenons votre activit\u00e9 en mouvement<\/h1>\n<\/div>\n\n\n<div class=\"hi-animation-bar\">\n\t\t\t\t<div class=\"wp-block-media-text is-image-fill-element\">\n\t\t\t\t\t<figure class=\"wp-block-media-text__media\">\n\t\t\t\t\t\t<a href=\"https:\/\/www.esbelt.com\/fr\/secteurs\/\"><img loading=\"lazy\" decoding=\"async\" width=\"1200\" height=\"800\" src=\"https:\/\/www.esbelt.com\/wp-content\/uploads\/2025\/08\/banda-alimentaria-1.jpg\" class=\"attachment-full-size size-full-size wp-post-image\" alt=\"\" srcset=\"https:\/\/www.esbelt.com\/wp-content\/uploads\/2025\/08\/banda-alimentaria-1.jpg 1200w, https:\/\/www.esbelt.com\/wp-content\/uploads\/2025\/08\/banda-alimentaria-1-330x220.jpg 330w, https:\/\/www.esbelt.com\/wp-content\/uploads\/2025\/08\/banda-alimentaria-1-504x336.jpg 504w, https:\/\/www.esbelt.com\/wp-content\/uploads\/2025\/08\/banda-alimentaria-1-768x512.jpg 768w\" sizes=\"auto, (max-width: 1200px) 100vw, 1200px\" \/><\/a>\n\t\t\t\t\t<\/figure>\n\t\t\t\t\t<div class=\"wp-block-media-text__content\">\n\t\t\t\t\t\t<div class=\"wp-block-buttons is-layout-flex wp-block-buttons-is-layout-flex\">\n\t\t\t\t\t\t\t<div class=\"wp-block-button is-style-outline is-style-outline--2\">\n\t\t\t\t\t\t\t\t<a class=\"wp-block-button__link wp-element-button\" href=\"https:\/\/www.esbelt.com\/fr\/secteurs\/alimentaire\/\">Alimentaire<\/a>\n\t\t\t\t\t\t\t<\/div>\n\t\t\t\t\t\t<\/div>\n\t\t\t\t\t<\/div>\n\t\t\t\t<\/div>\n\t\t\t\t<div class=\"wp-block-media-text is-image-fill-element\">\n\t\t\t\t\t<figure class=\"wp-block-media-text__media\">\n\t\t\t\t\t\t<a href=\"https:\/\/www.esbelt.com\/fr\/secteurs\/\"><img loading=\"lazy\" decoding=\"async\" width=\"750\" height=\"563\" src=\"https:\/\/www.esbelt.com\/wp-content\/uploads\/2025\/08\/AGRO-2-1.jpg\" class=\"attachment-full-size size-full-size wp-post-image\" alt=\"\" srcset=\"https:\/\/www.esbelt.com\/wp-content\/uploads\/2025\/08\/AGRO-2-1.jpg 750w, https:\/\/www.esbelt.com\/wp-content\/uploads\/2025\/08\/AGRO-2-1-293x220.jpg 293w, https:\/\/www.esbelt.com\/wp-content\/uploads\/2025\/08\/AGRO-2-1-448x336.jpg 448w\" sizes=\"auto, (max-width: 750px) 100vw, 750px\" \/><\/a>\n\t\t\t\t\t<\/figure>\n\t\t\t\t\t<div class=\"wp-block-media-text__content\">\n\t\t\t\t\t\t<div class=\"wp-block-buttons is-layout-flex wp-block-buttons-is-layout-flex\">\n\t\t\t\t\t\t\t<div class=\"wp-block-button is-style-outline is-style-outline--2\">\n\t\t\t\t\t\t\t\t<a class=\"wp-block-button__link wp-element-button\" href=\"https:\/\/www.esbelt.com\/fr\/secteurs\/agro-industrie\/\">Agro-industrie<\/a>\n\t\t\t\t\t\t\t<\/div>\n\t\t\t\t\t\t<\/div>\n\t\t\t\t\t<\/div>\n\t\t\t\t<\/div>\n\t\t\t\t<div class=\"wp-block-media-text is-image-fill-element\">\n\t\t\t\t\t<figure class=\"wp-block-media-text__media\">\n\t\t\t\t\t\t<a href=\"https:\/\/www.esbelt.com\/fr\/secteurs\/\"><img loading=\"lazy\" decoding=\"async\" width=\"1200\" height=\"1051\" src=\"https:\/\/www.esbelt.com\/wp-content\/uploads\/2025\/08\/reciclaje-sector-1.jpg\" class=\"attachment-full-size size-full-size wp-post-image\" alt=\"\" srcset=\"https:\/\/www.esbelt.com\/wp-content\/uploads\/2025\/08\/reciclaje-sector-1.jpg 1200w, https:\/\/www.esbelt.com\/wp-content\/uploads\/2025\/08\/reciclaje-sector-1-251x220.jpg 251w, https:\/\/www.esbelt.com\/wp-content\/uploads\/2025\/08\/reciclaje-sector-1-384x336.jpg 384w, https:\/\/www.esbelt.com\/wp-content\/uploads\/2025\/08\/reciclaje-sector-1-768x673.jpg 768w\" sizes=\"auto, (max-width: 1200px) 100vw, 1200px\" \/><\/a>\n\t\t\t\t\t<\/figure>\n\t\t\t\t\t<div class=\"wp-block-media-text__content\">\n\t\t\t\t\t\t<div class=\"wp-block-buttons is-layout-flex wp-block-buttons-is-layout-flex\">\n\t\t\t\t\t\t\t<div class=\"wp-block-button is-style-outline is-style-outline--2\">\n\t\t\t\t\t\t\t\t<a class=\"wp-block-button__link wp-element-button\" href=\"https:\/\/www.esbelt.com\/fr\/secteurs\/recyclage\/\">Recyclage<\/a>\n\t\t\t\t\t\t\t<\/div>\n\t\t\t\t\t\t<\/div>\n\t\t\t\t\t<\/div>\n\t\t\t\t<\/div>\n\t\t\t\t<div class=\"wp-block-media-text is-image-fill-element\">\n\t\t\t\t\t<figure class=\"wp-block-media-text__media\">\n\t\t\t\t\t\t<a href=\"https:\/\/www.esbelt.com\/fr\/secteurs\/\"><img loading=\"lazy\" decoding=\"async\" width=\"1500\" height=\"948\" src=\"https:\/\/www.esbelt.com\/wp-content\/uploads\/2025\/09\/banda-logistica-distribucion-esbelt-1.jpg\" class=\"attachment-full-size size-full-size wp-post-image\" alt=\"\" srcset=\"https:\/\/www.esbelt.com\/wp-content\/uploads\/2025\/09\/banda-logistica-distribucion-esbelt-1.jpg 1500w, https:\/\/www.esbelt.com\/wp-content\/uploads\/2025\/09\/banda-logistica-distribucion-esbelt-1-348x220.jpg 348w, https:\/\/www.esbelt.com\/wp-content\/uploads\/2025\/09\/banda-logistica-distribucion-esbelt-1-532x336.jpg 532w, https:\/\/www.esbelt.com\/wp-content\/uploads\/2025\/09\/banda-logistica-distribucion-esbelt-1-768x485.jpg 768w\" sizes=\"auto, (max-width: 1500px) 100vw, 1500px\" \/><\/a>\n\t\t\t\t\t<\/figure>\n\t\t\t\t\t<div class=\"wp-block-media-text__content\">\n\t\t\t\t\t\t<div class=\"wp-block-buttons is-layout-flex wp-block-buttons-is-layout-flex\">\n\t\t\t\t\t\t\t<div class=\"wp-block-button is-style-outline is-style-outline--2\">\n\t\t\t\t\t\t\t\t<a class=\"wp-block-button__link wp-element-button\" href=\"https:\/\/www.esbelt.com\/fr\/secteurs\/logistique\/\">Logistique<\/a>\n\t\t\t\t\t\t\t<\/div>\n\t\t\t\t\t\t<\/div>\n\t\t\t\t\t<\/div>\n\t\t\t\t<\/div>\n\t\t\t\t<div class=\"wp-block-media-text is-image-fill-element\">\n\t\t\t\t\t<figure class=\"wp-block-media-text__media\">\n\t\t\t\t\t\t<a href=\"https:\/\/www.esbelt.com\/fr\/secteurs\/\"><img loading=\"lazy\" decoding=\"async\" width=\"900\" height=\"723\" src=\"https:\/\/www.esbelt.com\/wp-content\/uploads\/2025\/12\/industrial-ceramica-bandas-drago.jpg\" class=\"attachment-full-size size-full-size wp-post-image\" alt=\"\" srcset=\"https:\/\/www.esbelt.com\/wp-content\/uploads\/2025\/12\/industrial-ceramica-bandas-drago.jpg 900w, https:\/\/www.esbelt.com\/wp-content\/uploads\/2025\/12\/industrial-ceramica-bandas-drago-274x220.jpg 274w, https:\/\/www.esbelt.com\/wp-content\/uploads\/2025\/12\/industrial-ceramica-bandas-drago-418x336.jpg 418w, https:\/\/www.esbelt.com\/wp-content\/uploads\/2025\/12\/industrial-ceramica-bandas-drago-768x617.jpg 768w\" sizes=\"auto, (max-width: 900px) 100vw, 900px\" \/><\/a>\n\t\t\t\t\t<\/figure>\n\t\t\t\t\t<div class=\"wp-block-media-text__content\">\n\t\t\t\t\t\t<div class=\"wp-block-buttons is-layout-flex wp-block-buttons-is-layout-flex\">\n\t\t\t\t\t\t\t<div class=\"wp-block-button is-style-outline is-style-outline--2\">\n\t\t\t\t\t\t\t\t<a class=\"wp-block-button__link wp-element-button\" href=\"https:\/\/www.esbelt.com\/fr\/secteurs\/industriel\/\">Industriel<\/a>\n\t\t\t\t\t\t\t<\/div>\n\t\t\t\t\t\t<\/div>\n\t\t\t\t\t<\/div>\n\t\t\t\t<\/div>\n\t\t\t\t<div class=\"wp-block-media-text is-image-fill-element\">\n\t\t\t\t\t<figure class=\"wp-block-media-text__media\">\n\t\t\t\t\t\t<a href=\"https:\/\/www.esbelt.com\/fr\/secteurs\/\"><img loading=\"lazy\" decoding=\"async\" width=\"1200\" height=\"1239\" src=\"https:\/\/www.esbelt.com\/wp-content\/uploads\/2025\/08\/sector-deportes-1.jpg\" class=\"attachment-full-size size-full-size wp-post-image\" alt=\"\" srcset=\"https:\/\/www.esbelt.com\/wp-content\/uploads\/2025\/08\/sector-deportes-1.jpg 1200w, https:\/\/www.esbelt.com\/wp-content\/uploads\/2025\/08\/sector-deportes-1-213x220.jpg 213w, https:\/\/www.esbelt.com\/wp-content\/uploads\/2025\/08\/sector-deportes-1-325x336.jpg 325w, https:\/\/www.esbelt.com\/wp-content\/uploads\/2025\/08\/sector-deportes-1-768x793.jpg 768w\" sizes=\"auto, (max-width: 1200px) 100vw, 1200px\" \/><\/a>\n\t\t\t\t\t<\/figure>\n\t\t\t\t\t<div class=\"wp-block-media-text__content\">\n\t\t\t\t\t\t<div class=\"wp-block-buttons is-layout-flex wp-block-buttons-is-layout-flex\">\n\t\t\t\t\t\t\t<div class=\"wp-block-button is-style-outline is-style-outline--2\">\n\t\t\t\t\t\t\t\t<a class=\"wp-block-button__link wp-element-button\" href=\"https:\/\/www.esbelt.com\/fr\/secteurs\/sport\/\">Sport<\/a>\n\t\t\t\t\t\t\t<\/div>\n\t\t\t\t\t\t<\/div>\n\t\t\t\t\t<\/div>\n\t\t\t\t<\/div><\/div>\n\n\n\n<div class=\"wp-block-group hi-only-desktop is-layout-flow wp-block-group-is-layout-flow\">\n<p class=\"has-text-align-center has-body-l-font-size\">Nous fabriquons des bandes transporteuses techniques con\u00e7ues pour maintenir votre processus en marche. Pr\u00e9cision, fiabilit\u00e9 et qualit\u00e9 pour que l&rsquo;essentiel ne s&rsquo;arr\u00eate jamais. <\/p>\n\n\n\n<div class=\"wp-block-buttons is-content-justification-center is-layout-flex wp-block-buttons-is-layout-flex\">\n<div class=\"wp-block-button\"><a class=\"wp-block-button__link has-text-align-center wp-element-button\" href=\"https:\/\/www.esbelt.com\/fr\/secteurs\/\">Voir les secteurs<\/a><\/div>\n<\/div>\n<\/div>\n<\/div>\n\n<hr class=\"wp-block-separator alignwide has-alpha-channel-opacity is-style-default\"\/>\n\n<div class=\"wp-block-group alignwide is-layout-constrained wp-block-group-is-layout-constrained\">\n<div class=\"wp-block-group alignwide hi-product-cards-header is-layout-flow wp-block-group-is-layout-flow\">\n<h2 class=\"wp-block-heading has-text-align-center\">Nous sommes fabricants.<\/h2>\n\n\n\n<div class=\"wp-block-buttons is-content-justification-center is-layout-flex wp-block-buttons-is-layout-flex\">\n<div class=\"wp-block-button\"><a class=\"wp-block-button__link has-title-text-background-color has-background wp-element-button\" href=\"https:\/\/www.esbelt.com\/fr\/produits\/\">Produits <span class=\"wp-rich-text-font-awesome-icon wp-font-awesome-icon\"><svg xmlns=\"http:\/\/www.w3.org\/2000\/svg\" aria-hidden=\"true\" focusable=\"false\" data-prefix=\"fas\" data-icon=\"arrow-right\" class=\"svg-inline--fa fa-arrow-right \" role=\"img\" viewbox=\"0 0 512 512\"><path fill=\"currentColor\" d=\"M502.6 278.6c12.5-12.5 12.5-32.8 0-45.3l-160-160c-12.5-12.5-32.8-12.5-45.3 0s-12.5 32.8 0 45.3L402.7 224 32 224c-17.7 0-32 14.3-32 32s14.3 32 32 32l370.7 0-105.4 105.4c-12.5 12.5-12.5 32.8 0 45.3s32.8 12.5 45.3 0l160-160z\"><\/path><\/svg><\/span><\/a><\/div>\n<\/div>\n\n\n\n<p class=\"has-secondary-color has-text-color has-link-color has-body-l-font-size wp-elements-3241209a5dc9acf5985864dfde05d733\">Nous fabriquons selon les normes de qualit\u00e9 les plus strictes et offrons une large gamme de solutions adapt\u00e9es et durables. Notre force repose sur la technologie, l&rsquo;innovation et le d\u00e9veloppement constant. <\/p>\n<\/div>\n\n\n\n<div class=\"wp-block-group alignwide hi-product-cards is-nowrap is-layout-flex wp-block-group-is-layout-flex\">\n<div class=\"wp-block-media-text has-media-on-the-right\"><div class=\"wp-block-media-text__content\">\n<h2 class=\"wp-block-heading hi-h4\"><a href=\"https:\/\/www.esbelt.com\/fr\/produits\/bandes\/\">Bandes transporteuses<\/a><\/h2>\n<\/div><figure class=\"wp-block-media-text__media\"><img loading=\"lazy\" decoding=\"async\" width=\"390\" height=\"336\" src=\"https:\/\/www.esbelt.com\/wp-content\/uploads\/2025\/11\/banda-doble-cobertura-sq-1-390x336.jpg\" alt=\"\" class=\"wp-image-3501 size-full\" srcset=\"https:\/\/www.esbelt.com\/wp-content\/uploads\/2025\/11\/banda-doble-cobertura-sq-1-390x336.jpg 390w, https:\/\/www.esbelt.com\/wp-content\/uploads\/2025\/11\/banda-doble-cobertura-sq-1-255x220.jpg 255w, https:\/\/www.esbelt.com\/wp-content\/uploads\/2025\/11\/banda-doble-cobertura-sq-1.jpg 580w\" sizes=\"auto, (max-width: 390px) 100vw, 390px\" \/><\/figure><\/div>\n\n\n\n<div class=\"wp-block-group hi-product-cards-list is-vertical is-content-justification-stretch is-nowrap is-layout-flex wp-block-group-is-layout-flex\">\n<div class=\"wp-block-media-text has-media-on-the-right\"><div class=\"wp-block-media-text__content\">\n<h2 class=\"wp-block-heading hi-h4\"><a href=\"https:\/\/www.esbelt.com\/fr\/produits\/accessoires\/\">Accessoires<\/a><\/h2>\n<\/div><figure class=\"wp-block-media-text__media\"><img loading=\"lazy\" decoding=\"async\" width=\"700\" height=\"336\" src=\"https:\/\/www.esbelt.com\/wp-content\/uploads\/2025\/08\/accesorios-1-700x336.jpg\" alt=\"\" class=\"wp-image-3429 size-full\" srcset=\"https:\/\/www.esbelt.com\/wp-content\/uploads\/2025\/08\/accesorios-1-700x336.jpg 700w, https:\/\/www.esbelt.com\/wp-content\/uploads\/2025\/08\/accesorios-1-360x173.jpg 360w, https:\/\/www.esbelt.com\/wp-content\/uploads\/2025\/08\/accesorios-1-768x369.jpg 768w, https:\/\/www.esbelt.com\/wp-content\/uploads\/2025\/08\/accesorios-1.jpg 1250w\" sizes=\"auto, (max-width: 700px) 100vw, 700px\" \/><\/figure><\/div>\n\n\n\n<div class=\"wp-block-media-text has-media-on-the-right\"><div class=\"wp-block-media-text__content\">\n<h2 class=\"wp-block-heading hi-h4\"><a href=\"https:\/\/www.esbelt.com\/fr\/produits\/courroies-de-transmission\/\">Courroies de Transmission<\/a><\/h2>\n<\/div><figure class=\"wp-block-media-text__media\"><img loading=\"lazy\" decoding=\"async\" width=\"700\" height=\"336\" src=\"https:\/\/www.esbelt.com\/wp-content\/uploads\/2025\/08\/correa-transmision-700x336.jpg\" alt=\"\" class=\"wp-image-3430 size-full\" srcset=\"https:\/\/www.esbelt.com\/wp-content\/uploads\/2025\/08\/correa-transmision-700x336.jpg 700w, https:\/\/www.esbelt.com\/wp-content\/uploads\/2025\/08\/correa-transmision-360x173.jpg 360w, https:\/\/www.esbelt.com\/wp-content\/uploads\/2025\/08\/correa-transmision-768x369.jpg 768w, https:\/\/www.esbelt.com\/wp-content\/uploads\/2025\/08\/correa-transmision.jpg 1250w\" sizes=\"auto, (max-width: 700px) 100vw, 700px\" \/><\/figure><\/div>\n\n\n\n<div class=\"wp-block-media-text has-media-on-the-right\"><div class=\"wp-block-media-text__content\">\n<h2 class=\"wp-block-heading hi-h4\"><a href=\"https:\/\/www.esbelt.com\/fr\/produits\/courroies-thermosoudables\/\">Courroies Thermosoudables<\/a><\/h2>\n<\/div><figure class=\"wp-block-media-text__media\"><img loading=\"lazy\" decoding=\"async\" width=\"700\" height=\"336\" src=\"https:\/\/www.esbelt.com\/wp-content\/uploads\/2025\/08\/correa-termosoldable-700x336.jpg\" alt=\"\" class=\"wp-image-3431 size-full\" srcset=\"https:\/\/www.esbelt.com\/wp-content\/uploads\/2025\/08\/correa-termosoldable-700x336.jpg 700w, https:\/\/www.esbelt.com\/wp-content\/uploads\/2025\/08\/correa-termosoldable-360x173.jpg 360w, https:\/\/www.esbelt.com\/wp-content\/uploads\/2025\/08\/correa-termosoldable-768x369.jpg 768w, https:\/\/www.esbelt.com\/wp-content\/uploads\/2025\/08\/correa-termosoldable.jpg 1250w\" sizes=\"auto, (max-width: 700px) 100vw, 700px\" \/><\/figure><\/div>\n\n\n\n<div class=\"wp-block-media-text has-media-on-the-right\"><div class=\"wp-block-media-text__content\">\n<h2 class=\"wp-block-heading hi-h4\"><a href=\"https:\/\/www.esbelt.com\/fr\/produits\/machines\/\">Machines<\/a><\/h2>\n<\/div><figure class=\"wp-block-media-text__media\"><img loading=\"lazy\" decoding=\"async\" width=\"700\" height=\"336\" src=\"https:\/\/www.esbelt.com\/wp-content\/uploads\/2025\/08\/maquinaria-700x336.jpg\" alt=\"\" class=\"wp-image-3432 size-full\" srcset=\"https:\/\/www.esbelt.com\/wp-content\/uploads\/2025\/08\/maquinaria-700x336.jpg 700w, https:\/\/www.esbelt.com\/wp-content\/uploads\/2025\/08\/maquinaria-360x173.jpg 360w, https:\/\/www.esbelt.com\/wp-content\/uploads\/2025\/08\/maquinaria-768x369.jpg 768w, https:\/\/www.esbelt.com\/wp-content\/uploads\/2025\/08\/maquinaria.jpg 1250w\" sizes=\"auto, (max-width: 700px) 100vw, 700px\" \/><\/figure><\/div>\n<\/div>\n<\/div>\n<\/div>\n<div class=\"wp-block-group alignwide is-vertical is-layout-flex wp-block-group-is-layout-flex\">\n\t\t\t\t\t<div class=\"wp-block-group is-nowrap is-layout-flex wp-block-group-is-layout-flex alignfull\">\n\t\t\t\t\t\t<h2 class=\"wp-block-heading\">Vous pourriez \u00e9galement \u00eatre int\u00e9ress\u00e9 par<\/h2>\n\t\t\t\t\t<\/div>\n\t\t\t\t\t<div class=\"wp-block-group is-layout-flex wp-block-group-is-layout-flex alignfull hi-grid-post-cards-solucion\">\n\t\t\t<div class=\"wp-block-media-text is-stacked-on-mobile is-image-fill-element hi-post-card-solucion alignfull\">\n\t\t\t\t<figure class=\"wp-block-media-text__media\">\n\t\t\t\t\t<img loading=\"lazy\" decoding=\"async\" width=\"1267\" height=\"725\" src=\"https:\/\/www.esbelt.com\/wp-content\/uploads\/2026\/04\/prensa-LPBE-1200ACI-web-1.jpg\" class=\"attachment-full-size size-full-size wp-post-image\" alt=\"\" srcset=\"https:\/\/www.esbelt.com\/wp-content\/uploads\/2026\/04\/prensa-LPBE-1200ACI-web-1.jpg 1267w, https:\/\/www.esbelt.com\/wp-content\/uploads\/2026\/04\/prensa-LPBE-1200ACI-web-1-360x206.jpg 360w, https:\/\/www.esbelt.com\/wp-content\/uploads\/2026\/04\/prensa-LPBE-1200ACI-web-1-587x336.jpg 587w, https:\/\/www.esbelt.com\/wp-content\/uploads\/2026\/04\/prensa-LPBE-1200ACI-web-1-768x439.jpg 768w\" sizes=\"auto, (max-width: 1267px) 100vw, 1267px\" \/>\n\t\t\t\t<\/figure>\n\t\t\t\t<div class=\"wp-block-media-text__content\">\n\t\t\t\t\t<h3 class=\"wp-block-heading hi-h4\">\n\t\t\t\t\t\t<a href=\"https:\/\/www.esbelt.com\/fr\/produits\/machines\/\">Machines pour bandes transporteuses<\/a>\n\t\t\t\t\t<\/h3>\n\t\t\t\t<\/div>\n\t\t\t<\/div>\n\t\t\t\t\t\t\t<div class=\"wp-block-media-text is-stacked-on-mobile is-image-fill-element hi-post-card-solucion\">\n\t\t\t\t\t\t\t\t<figure class=\"wp-block-media-text__media\">\n\t\t\t\t\t\t\t\t\t<img loading=\"lazy\" decoding=\"async\" width=\"2560\" height=\"1707\" src=\"https:\/\/www.esbelt.com\/wp-content\/uploads\/2025\/10\/Colocacion-perfil-transversal-scaled.jpg\" class=\"attachment-full-size size-full-size wp-post-image\" alt=\"\" srcset=\"https:\/\/www.esbelt.com\/wp-content\/uploads\/2025\/10\/Colocacion-perfil-transversal-scaled.jpg 2560w, https:\/\/www.esbelt.com\/wp-content\/uploads\/2025\/10\/Colocacion-perfil-transversal-330x220.jpg 330w, https:\/\/www.esbelt.com\/wp-content\/uploads\/2025\/10\/Colocacion-perfil-transversal-504x336.jpg 504w, https:\/\/www.esbelt.com\/wp-content\/uploads\/2025\/10\/Colocacion-perfil-transversal-768x512.jpg 768w, https:\/\/www.esbelt.com\/wp-content\/uploads\/2025\/10\/Colocacion-perfil-transversal-1536x1024.jpg 1536w, https:\/\/www.esbelt.com\/wp-content\/uploads\/2025\/10\/Colocacion-perfil-transversal-2048x1365.jpg 2048w\" sizes=\"auto, (max-width: 2560px) 100vw, 2560px\" \/>\n\t\t\t\t\t\t\t\t<\/figure>\n\t\t\t\t\t\t\t\t<div class=\"wp-block-media-text__content\">\n\t\t\t\t\t\t\t\t\t<h3 class=\"wp-block-heading hi-h4\">\n\t\t\t\t\t\t\t\t\t\t<a href=\"https:\/\/www.esbelt.com\/fr\/atelier\/#pose-de-profils-et-de-guides-sur-les-bandes-avec-tissu\">Pose de tasseaux<\/a>\n\t\t\t\t\t\t\t\t\t<\/h3>\n\t\t\t\t\t\t\t\t<\/div>\n\t\t\t\t\t\t\t<\/div>\n\t\t\t\t\t\t\t<div class=\"wp-block-media-text is-stacked-on-mobile is-image-fill-element hi-post-card-solucion\">\n\t\t\t\t\t\t\t\t<figure class=\"wp-block-media-text__media\">\n\t\t\t\t\t\t\t\t\t<img loading=\"lazy\" decoding=\"async\" width=\"1384\" height=\"1194\" src=\"https:\/\/www.esbelt.com\/wp-content\/uploads\/2025\/09\/banda-curva.jpg\" class=\"attachment-full-size size-full-size wp-post-image\" alt=\"\" srcset=\"https:\/\/www.esbelt.com\/wp-content\/uploads\/2025\/09\/banda-curva.jpg 1384w, https:\/\/www.esbelt.com\/wp-content\/uploads\/2025\/09\/banda-curva-255x220.jpg 255w, https:\/\/www.esbelt.com\/wp-content\/uploads\/2025\/09\/banda-curva-389x336.jpg 389w, https:\/\/www.esbelt.com\/wp-content\/uploads\/2025\/09\/banda-curva-768x663.jpg 768w\" sizes=\"auto, (max-width: 1384px) 100vw, 1384px\" \/>\n\t\t\t\t\t\t\t\t<\/figure>\n\t\t\t\t\t\t\t\t<div class=\"wp-block-media-text__content\">\n\t\t\t\t\t\t\t\t\t<h3 class=\"wp-block-heading hi-h4\">\n\t\t\t\t\t\t\t\t\t\t<a href=\"https:\/\/www.esbelt.com\/fr\/atelier\/#fabrication-de-bandes-sur-mesure\">Fabrication de bandes courbes<\/a>\n\t\t\t\t\t\t\t\t\t<\/h3>\n\t\t\t\t\t\t\t\t<\/div>\n\t\t\t\t\t\t\t<\/div>\n\t\t\t\t\t\t\t<div class=\"wp-block-media-text is-stacked-on-mobile is-image-fill-element hi-post-card-solucion\">\n\t\t\t\t\t\t\t\t<figure class=\"wp-block-media-text__media\">\n\t\t\t\t\t\t\t\t\t<img loading=\"lazy\" decoding=\"async\" width=\"2560\" height=\"1707\" src=\"https:\/\/www.esbelt.com\/wp-content\/uploads\/2025\/10\/empalme-colocacion-grapas-scaled.jpg\" class=\"attachment-full-size size-full-size wp-post-image\" alt=\"\" srcset=\"https:\/\/www.esbelt.com\/wp-content\/uploads\/2025\/10\/empalme-colocacion-grapas-scaled.jpg 2560w, https:\/\/www.esbelt.com\/wp-content\/uploads\/2025\/10\/empalme-colocacion-grapas-330x220.jpg 330w, https:\/\/www.esbelt.com\/wp-content\/uploads\/2025\/10\/empalme-colocacion-grapas-504x336.jpg 504w, https:\/\/www.esbelt.com\/wp-content\/uploads\/2025\/10\/empalme-colocacion-grapas-768x512.jpg 768w, https:\/\/www.esbelt.com\/wp-content\/uploads\/2025\/10\/empalme-colocacion-grapas-1536x1024.jpg 1536w, https:\/\/www.esbelt.com\/wp-content\/uploads\/2025\/10\/empalme-colocacion-grapas-2048x1365.jpg 2048w\" sizes=\"auto, (max-width: 2560px) 100vw, 2560px\" \/>\n\t\t\t\t\t\t\t\t<\/figure>\n\t\t\t\t\t\t\t\t<div class=\"wp-block-media-text__content\">\n\t\t\t\t\t\t\t\t\t<h3 class=\"wp-block-heading hi-h4\">\n\t\t\t\t\t\t\t\t\t\t<a href=\"https:\/\/www.esbelt.com\/fr\/atelier\/#jonctions-de-bandes-transporteuses-et-de-courroies-de-transmission\">Raccordement des bandes par agrafage<\/a>\n\t\t\t\t\t\t\t\t\t<\/h3>\n\t\t\t\t\t\t\t\t<\/div>\n\t\t\t\t\t\t\t<\/div><\/div>\n\t\t\t\t<\/div>\n\n<div class=\"wp-block-group alignwide is-layout-flow wp-block-group-is-layout-flow\">\n<div class=\"wp-block-group hi-margin-left-none is-layout-flow wp-block-group-is-layout-flow\">\n<h2 class=\"wp-block-heading has-text-align-left hi-inline has-heading-l-font-size\"><mark style=\"background-color:rgba(0, 0, 0, 0)\" class=\"has-inline-color has-primary-color\">Accompagnement expert.<\/mark><\/h2>\n\n\n\n<p class=\"has-text-align-left hi-inline has-heading-l-font-size\">Nous apportons des solutions techniques dans plus de 90 pays, avec notre propre fabrication et des conseils sp\u00e9cialis\u00e9s.<\/p>\n<\/div>\n<\/div>\n\n<div class=\"wp-block-columns alignwide is-layout-flex wp-block-columns-is-layout-flex\">\n<div class=\"wp-block-column is-layout-flow wp-block-column-is-layout-flow\">\n<figure class=\"wp-block-image size-large is-resized\"><img loading=\"lazy\" decoding=\"async\" width=\"85\" height=\"85\" src=\"https:\/\/www.esbelt.com\/wp-content\/uploads\/2025\/11\/asesoria-tecnica-especializada-1.svg\" alt=\"\" class=\"wp-image-3503\" style=\"width:auto;height:66px\"\/><\/figure>\n\n\n\n<h3 class=\"wp-block-heading hi-h4\" style=\"margin-top:0;margin-bottom:var(--wp--preset--spacing--5)\">Expertise technique<br\/>sp\u00e9cialis\u00e9s<\/h3>\n\n\n\n<p>S\u00e9lection pr\u00e9cise des produits et validation en conditions r\u00e9elles<\/p>\n<\/div>\n\n\n\n<div class=\"wp-block-column is-layout-flow wp-block-column-is-layout-flow\">\n<figure class=\"wp-block-image size-large is-resized\"><img loading=\"lazy\" decoding=\"async\" width=\"85\" height=\"85\" src=\"https:\/\/www.esbelt.com\/wp-content\/uploads\/2025\/11\/presencia-internacional-1.svg\" alt=\"\" class=\"wp-image-3504\" style=\"width:auto;height:66px\"\/><\/figure>\n\n\n\n<h3 class=\"wp-block-heading hi-h4\" style=\"margin-top:0;margin-bottom:var(--wp--preset--spacing--5)\">Pr\u00e9sence internationale<\/h3>\n\n\n\n<p>Offrant un support proche aux clients du monde entier.<\/p>\n<\/div>\n\n\n\n<div class=\"wp-block-column is-layout-flow wp-block-column-is-layout-flow\">\n<figure class=\"wp-block-image size-large is-resized\"><img loading=\"lazy\" decoding=\"async\" width=\"85\" height=\"85\" src=\"https:\/\/www.esbelt.com\/wp-content\/uploads\/2025\/11\/soluciones-a-medida.svg\" alt=\"\" class=\"wp-image-3507\" style=\"width:auto;height:66px\"\/><\/figure>\n\n\n\n<h3 class=\"wp-block-heading hi-h4\" style=\"margin-top:0;margin-bottom:var(--wp--preset--spacing--5)\">Solutions personnalis\u00e9es<\/h3>\n\n\n\n<p>Conception selon l&rsquo;utilisation, le secteur et les conditions de fonctionnement.<\/p>\n<\/div>\n<\/div>\n<div class=\"wp-block-group alignwide is-vertical is-layout-flex wp-block-group-is-layout-flex\">\n\t\t\t\t<h2 class=\"wp-block-heading\">Secteurs<\/h2> \n\t\t\t\t<ul class=\"hi-list-sectores hi-plegable\">\n\t\t\t\t<li class=\"hi-list-item-sector\">\n\t\t\t\t\t<h3 class=\"wp-block-heading hi-h4\">\n\t\t\t\t\t\t<a href=\"https:\/\/www.esbelt.com\/fr\/secteurs\/alimentaire\/\">\n\t\t\t\t\t\t\t<span class=\"hi-list-item-img\"><img loading=\"lazy\" decoding=\"async\" width=\"600\" height=\"400\" src=\"https:\/\/www.esbelt.com\/wp-content\/uploads\/2025\/08\/banda-alimentaria-1.jpg\" class=\"attachment-600x600 size-600x600 wp-post-image\" alt=\"\" srcset=\"https:\/\/www.esbelt.com\/wp-content\/uploads\/2025\/08\/banda-alimentaria-1.jpg 1200w, https:\/\/www.esbelt.com\/wp-content\/uploads\/2025\/08\/banda-alimentaria-1-330x220.jpg 330w, https:\/\/www.esbelt.com\/wp-content\/uploads\/2025\/08\/banda-alimentaria-1-504x336.jpg 504w, https:\/\/www.esbelt.com\/wp-content\/uploads\/2025\/08\/banda-alimentaria-1-768x512.jpg 768w\" sizes=\"auto, (max-width: 600px) 100vw, 600px\" \/><\/span>\n\t\t\t\t\t\t\t<span class=\"hi-list-item-title\">Alimentaire<\/span>\n\t\t\t\t\t\t<\/a>\n\t\t\t\t\t<\/h2>\n\t\t\t\t<\/li>\n\t\t\t\t<li class=\"hi-list-item-sector\">\n\t\t\t\t\t<h3 class=\"wp-block-heading hi-h4\">\n\t\t\t\t\t\t<a href=\"https:\/\/www.esbelt.com\/fr\/secteurs\/agro-industrie\/\">\n\t\t\t\t\t\t\t<span class=\"hi-list-item-img\"><img loading=\"lazy\" decoding=\"async\" width=\"600\" height=\"450\" src=\"https:\/\/www.esbelt.com\/wp-content\/uploads\/2025\/08\/AGRO-2-1.jpg\" class=\"attachment-600x600 size-600x600 wp-post-image\" alt=\"\" srcset=\"https:\/\/www.esbelt.com\/wp-content\/uploads\/2025\/08\/AGRO-2-1.jpg 750w, https:\/\/www.esbelt.com\/wp-content\/uploads\/2025\/08\/AGRO-2-1-293x220.jpg 293w, https:\/\/www.esbelt.com\/wp-content\/uploads\/2025\/08\/AGRO-2-1-448x336.jpg 448w\" sizes=\"auto, (max-width: 600px) 100vw, 600px\" \/><\/span>\n\t\t\t\t\t\t\t<span class=\"hi-list-item-title\">Agro-industrie<\/span>\n\t\t\t\t\t\t<\/a>\n\t\t\t\t\t<\/h2>\n\t\t\t\t<\/li>\n\t\t\t\t<li class=\"hi-list-item-sector\">\n\t\t\t\t\t<h3 class=\"wp-block-heading hi-h4\">\n\t\t\t\t\t\t<a href=\"https:\/\/www.esbelt.com\/fr\/secteurs\/recyclage\/\">\n\t\t\t\t\t\t\t<span class=\"hi-list-item-img\"><img loading=\"lazy\" decoding=\"async\" width=\"600\" height=\"526\" src=\"https:\/\/www.esbelt.com\/wp-content\/uploads\/2025\/08\/reciclaje-sector-1.jpg\" class=\"attachment-600x600 size-600x600 wp-post-image\" alt=\"\" srcset=\"https:\/\/www.esbelt.com\/wp-content\/uploads\/2025\/08\/reciclaje-sector-1.jpg 1200w, https:\/\/www.esbelt.com\/wp-content\/uploads\/2025\/08\/reciclaje-sector-1-251x220.jpg 251w, https:\/\/www.esbelt.com\/wp-content\/uploads\/2025\/08\/reciclaje-sector-1-384x336.jpg 384w, https:\/\/www.esbelt.com\/wp-content\/uploads\/2025\/08\/reciclaje-sector-1-768x673.jpg 768w\" sizes=\"auto, (max-width: 600px) 100vw, 600px\" \/><\/span>\n\t\t\t\t\t\t\t<span class=\"hi-list-item-title\">Recyclage<\/span>\n\t\t\t\t\t\t<\/a>\n\t\t\t\t\t<\/h2>\n\t\t\t\t<\/li>\n\t\t\t\t<li class=\"hi-list-item-sector\">\n\t\t\t\t\t<h3 class=\"wp-block-heading hi-h4\">\n\t\t\t\t\t\t<a href=\"https:\/\/www.esbelt.com\/fr\/secteurs\/logistique\/\">\n\t\t\t\t\t\t\t<span class=\"hi-list-item-img\"><img loading=\"lazy\" decoding=\"async\" width=\"600\" height=\"379\" src=\"https:\/\/www.esbelt.com\/wp-content\/uploads\/2025\/09\/banda-logistica-distribucion-esbelt-1.jpg\" class=\"attachment-600x600 size-600x600 wp-post-image\" alt=\"\" srcset=\"https:\/\/www.esbelt.com\/wp-content\/uploads\/2025\/09\/banda-logistica-distribucion-esbelt-1.jpg 1500w, https:\/\/www.esbelt.com\/wp-content\/uploads\/2025\/09\/banda-logistica-distribucion-esbelt-1-348x220.jpg 348w, https:\/\/www.esbelt.com\/wp-content\/uploads\/2025\/09\/banda-logistica-distribucion-esbelt-1-532x336.jpg 532w, https:\/\/www.esbelt.com\/wp-content\/uploads\/2025\/09\/banda-logistica-distribucion-esbelt-1-768x485.jpg 768w\" sizes=\"auto, (max-width: 600px) 100vw, 600px\" \/><\/span>\n\t\t\t\t\t\t\t<span class=\"hi-list-item-title\">Logistique<\/span>\n\t\t\t\t\t\t<\/a>\n\t\t\t\t\t<\/h2>\n\t\t\t\t<\/li>\n\t\t\t\t<li class=\"hi-list-item-sector\">\n\t\t\t\t\t<h3 class=\"wp-block-heading hi-h4\">\n\t\t\t\t\t\t<a href=\"https:\/\/www.esbelt.com\/fr\/secteurs\/industriel\/\">\n\t\t\t\t\t\t\t<span class=\"hi-list-item-img\"><img loading=\"lazy\" decoding=\"async\" width=\"600\" height=\"482\" src=\"https:\/\/www.esbelt.com\/wp-content\/uploads\/2025\/12\/industrial-ceramica-bandas-drago.jpg\" class=\"attachment-600x600 size-600x600 wp-post-image\" alt=\"\" srcset=\"https:\/\/www.esbelt.com\/wp-content\/uploads\/2025\/12\/industrial-ceramica-bandas-drago.jpg 900w, https:\/\/www.esbelt.com\/wp-content\/uploads\/2025\/12\/industrial-ceramica-bandas-drago-274x220.jpg 274w, https:\/\/www.esbelt.com\/wp-content\/uploads\/2025\/12\/industrial-ceramica-bandas-drago-418x336.jpg 418w, https:\/\/www.esbelt.com\/wp-content\/uploads\/2025\/12\/industrial-ceramica-bandas-drago-768x617.jpg 768w\" sizes=\"auto, (max-width: 600px) 100vw, 600px\" \/><\/span>\n\t\t\t\t\t\t\t<span class=\"hi-list-item-title\">Industriel<\/span>\n\t\t\t\t\t\t<\/a>\n\t\t\t\t\t<\/h2>\n\t\t\t\t<\/li>\n\t\t\t\t<li class=\"hi-list-item-sector\">\n\t\t\t\t\t<h3 class=\"wp-block-heading hi-h4\">\n\t\t\t\t\t\t<a href=\"https:\/\/www.esbelt.com\/fr\/secteurs\/sport\/\">\n\t\t\t\t\t\t\t<span class=\"hi-list-item-img\"><img loading=\"lazy\" decoding=\"async\" width=\"581\" height=\"600\" src=\"https:\/\/www.esbelt.com\/wp-content\/uploads\/2025\/08\/sector-deportes-1.jpg\" class=\"attachment-600x600 size-600x600 wp-post-image\" alt=\"\" srcset=\"https:\/\/www.esbelt.com\/wp-content\/uploads\/2025\/08\/sector-deportes-1.jpg 1200w, https:\/\/www.esbelt.com\/wp-content\/uploads\/2025\/08\/sector-deportes-1-213x220.jpg 213w, https:\/\/www.esbelt.com\/wp-content\/uploads\/2025\/08\/sector-deportes-1-325x336.jpg 325w, https:\/\/www.esbelt.com\/wp-content\/uploads\/2025\/08\/sector-deportes-1-768x793.jpg 768w\" sizes=\"auto, (max-width: 581px) 100vw, 581px\" \/><\/span>\n\t\t\t\t\t\t\t<span class=\"hi-list-item-title\">Sport<\/span>\n\t\t\t\t\t\t<\/a>\n\t\t\t\t\t<\/h2>\n\t\t\t\t<\/li><\/ul>\n\t\t\t<\/div>\n\n<div class=\"wp-block-group alignfull hi-content-footer is-nowrap is-layout-flex wp-block-group-is-layout-flex\">\n<figure class=\"wp-block-image size-full\"><img loading=\"lazy\" decoding=\"async\" width=\"1200\" height=\"1600\" src=\"https:\/\/www.esbelt.com\/wp-content\/uploads\/2025\/08\/procesamiento-con-garantia-alimentaria.jpg\" alt=\"\" class=\"wp-image-335\" srcset=\"https:\/\/www.esbelt.com\/wp-content\/uploads\/2025\/08\/procesamiento-con-garantia-alimentaria.jpg 1200w, https:\/\/www.esbelt.com\/wp-content\/uploads\/2025\/08\/procesamiento-con-garantia-alimentaria-165x220.jpg 165w, https:\/\/www.esbelt.com\/wp-content\/uploads\/2025\/08\/procesamiento-con-garantia-alimentaria-252x336.jpg 252w, https:\/\/www.esbelt.com\/wp-content\/uploads\/2025\/08\/procesamiento-con-garantia-alimentaria-768x1024.jpg 768w, https:\/\/www.esbelt.com\/wp-content\/uploads\/2025\/08\/procesamiento-con-garantia-alimentaria-1152x1536.jpg 1152w\" sizes=\"auto, (max-width: 1200px) 100vw, 1200px\" \/><\/figure>\n\n\n\n<div class=\"wp-block-group has-primary-gradient-background has-background is-layout-flow wp-block-group-is-layout-flow\">\n<figure class=\"wp-block-image aligncenter size-large\"><img loading=\"lazy\" decoding=\"async\" width=\"58\" height=\"15\" src=\"https:\/\/www.esbelt.com\/wp-content\/uploads\/2025\/08\/esbelt-blanco.svg\" alt=\"esbelt\" class=\"wp-image-469\"\/><\/figure>\n\n\n\n<h2 class=\"wp-block-heading has-text-align-center\" style=\"margin-top:var(--wp--preset--spacing--60);margin-bottom:var(--wp--preset--spacing--55)\">Pr\u00e9cision, fiabilit\u00e9 et qualit\u00e9 pour que l&rsquo;essentiel ne s&rsquo;arr\u00eate jamais.<\/h2>\n\n\n\n<div class=\"wp-block-buttons is-content-justification-center is-layout-flex wp-block-buttons-is-layout-flex\">\n<div class=\"wp-block-button is-style-fill\"><a class=\"wp-block-button__link wp-element-button\" href=\"https:\/\/www.esbelt.com\/fr\/produits\/bandes\/\">Explorer les solutions <span class=\"wp-rich-text-font-awesome-icon wp-font-awesome-icon\"><svg xmlns=\"http:\/\/www.w3.org\/2000\/svg\" aria-hidden=\"true\" focusable=\"false\" data-prefix=\"fas\" data-icon=\"arrow-right\" class=\"svg-inline--fa fa-arrow-right \" role=\"img\" viewbox=\"0 0 512 512\"><path fill=\"currentColor\" d=\"M502.6 278.6c12.5-12.5 12.5-32.8 0-45.3l-160-160c-12.5-12.5-32.8-12.5-45.3 0s-12.5 32.8 0 45.3L402.7 224 32 224c-17.7 0-32 14.3-32 32s14.3 32 32 32l370.7 0-105.4 105.4c-12.5 12.5-12.5 32.8 0 45.3s32.8 12.5 45.3 0l160-160z\"><\/path><\/svg><\/span><\/a><\/div>\n<\/div>\n<\/div>\n\n\n\n<figure class=\"wp-block-image size-full\"><img loading=\"lazy\" decoding=\"async\" width=\"1851\" height=\"1397\" src=\"https:\/\/www.esbelt.com\/wp-content\/uploads\/2026\/01\/Esbelt-Manufacturing-1.jpg\" alt=\"\" class=\"wp-image-5808\" srcset=\"https:\/\/www.esbelt.com\/wp-content\/uploads\/2026\/01\/Esbelt-Manufacturing-1.jpg 1851w, https:\/\/www.esbelt.com\/wp-content\/uploads\/2026\/01\/Esbelt-Manufacturing-1-291x220.jpg 291w, https:\/\/www.esbelt.com\/wp-content\/uploads\/2026\/01\/Esbelt-Manufacturing-1-445x336.jpg 445w, https:\/\/www.esbelt.com\/wp-content\/uploads\/2026\/01\/Esbelt-Manufacturing-1-768x580.jpg 768w, https:\/\/www.esbelt.com\/wp-content\/uploads\/2026\/01\/Esbelt-Manufacturing-1-1536x1159.jpg 1536w\" sizes=\"auto, (max-width: 1851px) 100vw, 1851px\" \/><\/figure>\n<\/div>\n","protected":false},"excerpt":{"rendered":"<p>Nous maintenons votre activit\u00e9 en mouvement Nous fabriquons des bandes transporteuses techniques con\u00e7ues pour maintenir votre processus en marche. Pr\u00e9cision, fiabilit\u00e9 et qualit\u00e9 pour que l&rsquo;essentiel ne s&rsquo;arr\u00eate jamais. Nous sommes fabricants. Nous fabriquons selon les normes de qualit\u00e9 les plus strictes et offrons une large gamme de solutions adapt\u00e9es et durables. Notre force repose [&hellip;]<\/p>\n","protected":false},"author":1,"featured_media":0,"parent":0,"menu_order":17,"comment_status":"closed","ping_status":"closed","template":"templates\/page-full-no-header.php","meta":{"_acf_changed":false,"inline_featured_image":false,"footnotes":""},"class_list":["post-4533","page","type-page","status-publish","hentry"],"acf":[],"yoast_head":"<!-- This site is optimized with the Yoast SEO plugin v27.0 - https:\/\/yoast.com\/product\/yoast-seo-wordpress\/ -->\n<title>Votre fabricant de bandes transporteuses - esbelt<\/title>\n<meta name=\"robots\" content=\"index, follow, max-snippet:-1, max-image-preview:large, max-video-preview:-1\" \/>\n<link rel=\"canonical\" href=\"https:\/\/www.esbelt.com\/fr\/\" \/>\n<meta property=\"og:locale\" content=\"fr_FR\" \/>\n<meta property=\"og:type\" content=\"article\" \/>\n<meta property=\"og:title\" content=\"Votre fabricant de bandes transporteuses - esbelt\" \/>\n<meta property=\"og:description\" content=\"Nous maintenons votre activit\u00e9 en mouvement Nous fabriquons des bandes transporteuses techniques con\u00e7ues pour maintenir votre processus en marche. Pr\u00e9cision, fiabilit\u00e9 et qualit\u00e9 pour que l&rsquo;essentiel ne s&rsquo;arr\u00eate jamais. Nous sommes fabricants. Nous fabriquons selon les normes de qualit\u00e9 les plus strictes et offrons une large gamme de solutions adapt\u00e9es et durables. Notre force repose [&hellip;]\" \/>\n<meta property=\"og:url\" content=\"https:\/\/www.esbelt.com\/fr\/\" \/>\n<meta property=\"og:site_name\" content=\"esbelt\" \/>\n<meta property=\"article:modified_time\" content=\"2026-04-28T07:51:17+00:00\" \/>\n<meta property=\"og:image\" content=\"https:\/\/www.esbelt.com\/wp-content\/uploads\/2025\/11\/asesoria-tecnica-especializada-1.svg\" \/>\n<meta name=\"twitter:card\" content=\"summary_large_image\" \/>\n<meta name=\"twitter:label1\" content=\"Dur\u00e9e de lecture estim\u00e9e\" \/>\n\t<meta name=\"twitter:data1\" content=\"1 minute\" \/>\n<script type=\"application\/ld+json\" class=\"yoast-schema-graph\">{\"@context\":\"https:\/\/schema.org\",\"@graph\":[{\"@type\":\"WebPage\",\"@id\":\"https:\/\/www.esbelt.com\/fr\/\",\"url\":\"https:\/\/www.esbelt.com\/fr\/\",\"name\":\"Votre fabricant de bandes transporteuses - esbelt\",\"isPartOf\":{\"@id\":\"https:\/\/www.esbelt.com\/fr\/#website\"},\"primaryImageOfPage\":{\"@id\":\"https:\/\/www.esbelt.com\/fr\/#primaryimage\"},\"image\":{\"@id\":\"https:\/\/www.esbelt.com\/fr\/#primaryimage\"},\"thumbnailUrl\":\"https:\/\/www.esbelt.com\/wp-content\/uploads\/2025\/11\/asesoria-tecnica-especializada-1.svg\",\"datePublished\":\"2025-08-11T11:19:12+00:00\",\"dateModified\":\"2026-04-28T07:51:17+00:00\",\"breadcrumb\":{\"@id\":\"https:\/\/www.esbelt.com\/fr\/#breadcrumb\"},\"inLanguage\":\"fr-FR\",\"potentialAction\":[{\"@type\":\"ReadAction\",\"target\":[\"https:\/\/www.esbelt.com\/fr\/\"]}]},{\"@type\":\"ImageObject\",\"inLanguage\":\"fr-FR\",\"@id\":\"https:\/\/www.esbelt.com\/fr\/#primaryimage\",\"url\":\"https:\/\/www.esbelt.com\/wp-content\/uploads\/2025\/11\/asesoria-tecnica-especializada-1.svg\",\"contentUrl\":\"https:\/\/www.esbelt.com\/wp-content\/uploads\/2025\/11\/asesoria-tecnica-especializada-1.svg\"},{\"@type\":\"BreadcrumbList\",\"@id\":\"https:\/\/www.esbelt.com\/fr\/#breadcrumb\",\"itemListElement\":[{\"@type\":\"ListItem\",\"position\":1,\"name\":\"Premi\u00e8re\",\"item\":\"https:\/\/www.esbelt.com\/fr\/accueil\/\"},{\"@type\":\"ListItem\",\"position\":2,\"name\":\"Votre fabricant de bandes transporteuses\"}]},{\"@type\":\"WebSite\",\"@id\":\"https:\/\/www.esbelt.com\/fr\/#website\",\"url\":\"https:\/\/www.esbelt.com\/fr\/\",\"name\":\"esbelt\",\"description\":\"Somos fabricantes de bandas transportadoras, perfiles, correas para aplicaciones alimentarias, industriales y agr\u00edcolas.\",\"publisher\":{\"@id\":\"https:\/\/www.esbelt.com\/fr\/#organization\"},\"potentialAction\":[{\"@type\":\"SearchAction\",\"target\":{\"@type\":\"EntryPoint\",\"urlTemplate\":\"https:\/\/www.esbelt.com\/fr\/?s={search_term_string}\"},\"query-input\":{\"@type\":\"PropertyValueSpecification\",\"valueRequired\":true,\"valueName\":\"search_term_string\"}}],\"inLanguage\":\"fr-FR\"},{\"@type\":\"Organization\",\"@id\":\"https:\/\/www.esbelt.com\/fr\/#organization\",\"name\":\"esbelt\",\"url\":\"https:\/\/www.esbelt.com\/fr\/\",\"logo\":{\"@type\":\"ImageObject\",\"inLanguage\":\"fr-FR\",\"@id\":\"https:\/\/www.esbelt.com\/fr\/#\/schema\/logo\/image\/\",\"url\":\"https:\/\/www.esbelt.com\/wp-content\/uploads\/2025\/08\/esbelt.svg\",\"contentUrl\":\"https:\/\/www.esbelt.com\/wp-content\/uploads\/2025\/08\/esbelt.svg\",\"width\":123,\"height\":33,\"caption\":\"esbelt\"},\"image\":{\"@id\":\"https:\/\/www.esbelt.com\/fr\/#\/schema\/logo\/image\/\"}}]}<\/script>\n<!-- \/ Yoast SEO plugin. -->","yoast_head_json":{"title":"Votre fabricant de bandes transporteuses - esbelt","robots":{"index":"index","follow":"follow","max-snippet":"max-snippet:-1","max-image-preview":"max-image-preview:large","max-video-preview":"max-video-preview:-1"},"canonical":"https:\/\/www.esbelt.com\/fr\/","og_locale":"fr_FR","og_type":"article","og_title":"Votre fabricant de bandes transporteuses - esbelt","og_description":"Nous maintenons votre activit\u00e9 en mouvement Nous fabriquons des bandes transporteuses techniques con\u00e7ues pour maintenir votre processus en marche. Pr\u00e9cision, fiabilit\u00e9 et qualit\u00e9 pour que l&rsquo;essentiel ne s&rsquo;arr\u00eate jamais. Nous sommes fabricants. Nous fabriquons selon les normes de qualit\u00e9 les plus strictes et offrons une large gamme de solutions adapt\u00e9es et durables. Notre force repose [&hellip;]","og_url":"https:\/\/www.esbelt.com\/fr\/","og_site_name":"esbelt","article_modified_time":"2026-04-28T07:51:17+00:00","og_image":[{"url":"https:\/\/www.esbelt.com\/wp-content\/uploads\/2025\/11\/asesoria-tecnica-especializada-1.svg","type":"","width":"","height":""}],"twitter_card":"summary_large_image","twitter_misc":{"Dur\u00e9e de lecture estim\u00e9e":"1 minute"},"schema":{"@context":"https:\/\/schema.org","@graph":[{"@type":"WebPage","@id":"https:\/\/www.esbelt.com\/fr\/","url":"https:\/\/www.esbelt.com\/fr\/","name":"Votre fabricant de bandes transporteuses - esbelt","isPartOf":{"@id":"https:\/\/www.esbelt.com\/fr\/#website"},"primaryImageOfPage":{"@id":"https:\/\/www.esbelt.com\/fr\/#primaryimage"},"image":{"@id":"https:\/\/www.esbelt.com\/fr\/#primaryimage"},"thumbnailUrl":"https:\/\/www.esbelt.com\/wp-content\/uploads\/2025\/11\/asesoria-tecnica-especializada-1.svg","datePublished":"2025-08-11T11:19:12+00:00","dateModified":"2026-04-28T07:51:17+00:00","breadcrumb":{"@id":"https:\/\/www.esbelt.com\/fr\/#breadcrumb"},"inLanguage":"fr-FR","potentialAction":[{"@type":"ReadAction","target":["https:\/\/www.esbelt.com\/fr\/"]}]},{"@type":"ImageObject","inLanguage":"fr-FR","@id":"https:\/\/www.esbelt.com\/fr\/#primaryimage","url":"https:\/\/www.esbelt.com\/wp-content\/uploads\/2025\/11\/asesoria-tecnica-especializada-1.svg","contentUrl":"https:\/\/www.esbelt.com\/wp-content\/uploads\/2025\/11\/asesoria-tecnica-especializada-1.svg"},{"@type":"BreadcrumbList","@id":"https:\/\/www.esbelt.com\/fr\/#breadcrumb","itemListElement":[{"@type":"ListItem","position":1,"name":"Premi\u00e8re","item":"https:\/\/www.esbelt.com\/fr\/accueil\/"},{"@type":"ListItem","position":2,"name":"Votre fabricant de bandes transporteuses"}]},{"@type":"WebSite","@id":"https:\/\/www.esbelt.com\/fr\/#website","url":"https:\/\/www.esbelt.com\/fr\/","name":"esbelt","description":"Somos fabricantes de bandas transportadoras, perfiles, correas para aplicaciones alimentarias, industriales y agr\u00edcolas.","publisher":{"@id":"https:\/\/www.esbelt.com\/fr\/#organization"},"potentialAction":[{"@type":"SearchAction","target":{"@type":"EntryPoint","urlTemplate":"https:\/\/www.esbelt.com\/fr\/?s={search_term_string}"},"query-input":{"@type":"PropertyValueSpecification","valueRequired":true,"valueName":"search_term_string"}}],"inLanguage":"fr-FR"},{"@type":"Organization","@id":"https:\/\/www.esbelt.com\/fr\/#organization","name":"esbelt","url":"https:\/\/www.esbelt.com\/fr\/","logo":{"@type":"ImageObject","inLanguage":"fr-FR","@id":"https:\/\/www.esbelt.com\/fr\/#\/schema\/logo\/image\/","url":"https:\/\/www.esbelt.com\/wp-content\/uploads\/2025\/08\/esbelt.svg","contentUrl":"https:\/\/www.esbelt.com\/wp-content\/uploads\/2025\/08\/esbelt.svg","width":123,"height":33,"caption":"esbelt"},"image":{"@id":"https:\/\/www.esbelt.com\/fr\/#\/schema\/logo\/image\/"}}]}},"_links":{"self":[{"href":"https:\/\/www.esbelt.com\/fr\/wp-json\/wp\/v2\/pages\/4533","targetHints":{"allow":["GET"]}}],"collection":[{"href":"https:\/\/www.esbelt.com\/fr\/wp-json\/wp\/v2\/pages"}],"about":[{"href":"https:\/\/www.esbelt.com\/fr\/wp-json\/wp\/v2\/types\/page"}],"author":[{"embeddable":true,"href":"https:\/\/www.esbelt.com\/fr\/wp-json\/wp\/v2\/users\/1"}],"replies":[{"embeddable":true,"href":"https:\/\/www.esbelt.com\/fr\/wp-json\/wp\/v2\/comments?post=4533"}],"version-history":[{"count":12,"href":"https:\/\/www.esbelt.com\/fr\/wp-json\/wp\/v2\/pages\/4533\/revisions"}],"predecessor-version":[{"id":6438,"href":"https:\/\/www.esbelt.com\/fr\/wp-json\/wp\/v2\/pages\/4533\/revisions\/6438"}],"wp:attachment":[{"href":"https:\/\/www.esbelt.com\/fr\/wp-json\/wp\/v2\/media?parent=4533"}],"curies":[{"name":"wp","href":"https:\/\/api.w.org\/{rel}","templated":true}]}}