{"id":5646,"date":"2025-10-15T16:34:28","date_gmt":"2025-10-15T14:34:28","guid":{"rendered":"https:\/\/www.esbelt.com\/productos\/bandas\/filterbander\/meshbelts\/"},"modified":"2026-02-16T15:44:47","modified_gmt":"2026-02-16T14:44:47","slug":"meshbelts","status":"publish","type":"bandas","link":"https:\/\/www.esbelt.com\/de\/produkte\/transportbander\/filterbaender\/meshbelts\/","title":{"rendered":"Meshbelts"},"content":{"rendered":"\n<div class=\"wp-block-group alignwide is-content-justification-left is-layout-constrained wp-block-group-is-layout-constrained\">\n<div class=\"wp-block-group is-content-justification-left is-layout-constrained wp-block-group-is-layout-constrained\">\n<h2 class=\"wp-block-heading\">Zum Waschen von leichten Produkten<\/h2>\n\n\n\n<p>esbelt\u00ae <strong>Meshbelts <\/strong>sind prim\u00e4r f\u00fcr Anwendungen konzipiert, bei denen Wasserfilterung, Entw\u00e4sserung oder Trocknung erforderlich sind. Die PVC-Seitenverst\u00e4rkungen garantieren Dimensionsstabilit\u00e4t, besseren Trommelgriff und weniger Dehnung.  <\/p>\n\n\n\n<p>Mit reduzierten Maschenweiten sind sie ideal zum Waschen von leichten Produkten und zum Filtern von feink\u00f6rnigen Abf\u00e4llen.<\/p>\n<\/div>\n\n\n\n<div class=\"wp-block-group alignwide hi-technical-information is-layout-constrained wp-block-group-is-layout-constrained\">\n<div class=\"wp-block-media-text has-media-on-the-right is-stacked-on-mobile is-image-fill-element\"><div class=\"wp-block-media-text__content\">\n<h3 class=\"wp-block-heading\">MESHC01<\/h3>\n\n\n\n<ul class=\"wp-block-list\">\n<li>Maschenweiten: 1,1 x 1,1 mm<\/li>\n\n\n\n<li>\u00d6ffnungsbereich: 35 %<\/li>\n\n\n\n<li>Netzdicke: 1,57 mm<\/li>\n\n\n\n<li>Gesamtdicke mit Verst\u00e4rkung: 4 mm<\/li>\n\n\n\n<li>Minimaler Trommeldurchmesser: 80 mm<\/li>\n\n\n\n<li>Maximale Fertigungsbreite: 2250 mm<\/li>\n<\/ul>\n\n\n\n<h3 class=\"wp-block-heading\">MESHC02<\/h3>\n\n\n\n<ul class=\"wp-block-list\">\n<li>Maschenweiten: 2 x 2 mm<\/li>\n\n\n\n<li>\u00d6ffnungsbereich: 45 %<\/li>\n\n\n\n<li>Netzdicke: 2,00 mm<\/li>\n\n\n\n<li>Gesamtdicke mit Verst\u00e4rkung: 4 mm<\/li>\n\n\n\n<li>Minimaler Trommeldurchmesser: 80 mm<\/li>\n\n\n\n<li>Maximale Fertigungsbreite: 2100 mm<\/li>\n<\/ul>\n<\/div><figure class=\"wp-block-media-text__media\"><img loading=\"lazy\" decoding=\"async\" width=\"336\" height=\"336\" src=\"https:\/\/www.esbelt.com\/wp-content\/uploads\/2025\/10\/Banda-de-malla-1x1-1-1-336x336.jpg\" alt=\"\" class=\"wp-image-2748 size-full\" style=\"object-position:50% 50%\" srcset=\"https:\/\/www.esbelt.com\/wp-content\/uploads\/2025\/10\/Banda-de-malla-1x1-1-1-336x336.jpg 336w, https:\/\/www.esbelt.com\/wp-content\/uploads\/2025\/10\/Banda-de-malla-1x1-1-1-220x220.jpg 220w, https:\/\/www.esbelt.com\/wp-content\/uploads\/2025\/10\/Banda-de-malla-1x1-1-1-175x175.jpg 175w, https:\/\/www.esbelt.com\/wp-content\/uploads\/2025\/10\/Banda-de-malla-1x1-1-1.jpg 750w\" sizes=\"auto, (max-width: 336px) 100vw, 336px\" \/><\/figure><\/div>\n\n\n\n<div class=\"wp-block-group is-nowrap is-layout-flex wp-block-group-is-layout-flex\">\n<div class=\"wp-block-group is-vertical is-layout-flex wp-block-group-is-layout-flex\">\n<div class=\"wp-block-group hi-technical-information-box alignwide is-layout-flow wp-block-group-is-layout-flow\">\n<h3 class=\"wp-block-heading\">Materialien<\/h3>\n\n\n<ul class=\"hi-list-style-none\">\n\t\t\t\t\t<li>\n\t\t\t\t\t\t<a href=\"https:\/\/www.esbelt.com\/de\/produkte\/materialien\/polyvinylchlorid-pvc\/\">Polyvinylchlorid (PVC)<\/a>\n\t\t\t\t\t<\/li><\/ul>\n<\/div>\n\n\n\n<div class=\"wp-block-group hi-technical-information-box alignwide is-layout-flow wp-block-group-is-layout-flow\">\n<h3 class=\"wp-block-heading\">Eigenschaften<\/h3>\n\n\n<ul class=\"hi-list-propiedades hi-list-img\">\n\t\t\t\t\t<li>\n\t\t\t\t\t\t<img loading=\"lazy\" decoding=\"async\" width=\"76\" height=\"76\" src=\"https:\/\/www.esbelt.com\/wp-content\/uploads\/2025\/09\/Antihidrolisis.svg\" class=\"attachment-76x76 size-76x76 wp-post-image\" alt=\"\" \/>\n\t\t\t\t\t\t<a href=\"https:\/\/www.esbelt.com\/de\/produkte\/eigenschaften-vorschriften\/anti-hydrolyse\/\">Anti-Hydrolyse<\/a>\n\t\t\t\t\t<\/li>\n\t\t\t\t\t<li>\n\t\t\t\t\t\t<img loading=\"lazy\" decoding=\"async\" width=\"76\" height=\"76\" src=\"https:\/\/www.esbelt.com\/wp-content\/uploads\/2025\/09\/Alimentaria.svg\" class=\"attachment-76x76 size-76x76 wp-post-image\" alt=\"\" \/>\n\t\t\t\t\t\t<a href=\"https:\/\/www.esbelt.com\/de\/produkte\/eigenschaften-vorschriften\/lebensmittelvorschriften\/\">Lebensmittelindustrie<\/a>\n\t\t\t\t\t<\/li><\/ul>\n<\/div>\n\n\n\n<div class=\"wp-block-group hi-technical-information-box alignwide is-layout-flow wp-block-group-is-layout-flow\">\n<h3 class=\"wp-block-heading\">Vorschriften<\/h3>\n\n\n<ul class=\"hi-list-icon-arrow\">\n\t\t\t\t<li>\n\t\t\t\t\t<a href=\"https:\/\/www.esbelt.com\/de\/produkte\/eigenschaften-vorschriften\/eu-verordnung-10-2011\/\">FDA &amp; EU<\/a>\n\t\t\t\t<\/li><\/ul>\n<\/div>\n<\/div>\n\n\n\n<div class=\"wp-block-group is-vertical is-layout-flex wp-block-group-is-layout-flex\">\n<div class=\"wp-block-group hi-technical-information-box is-layout-constrained wp-block-group-is-layout-constrained\">\n<h3 class=\"wp-block-heading\">Vorteile<\/h3>\n\n\n\n<ul class=\"wp-block-list hi-list-icon-check\">\n<li>Hohe mechanische Best\u00e4ndigkeit und Haltbarkeit<\/li>\n\n\n\n<li>Einfache Reinigung und Hygiene, geeignet f\u00fcr die Lebensmittelindustrie<\/li>\n\n\n\n<li>Ausgezeichnete Entw\u00e4sserung und Filterung dank des offenen Netzdesigns<\/li>\n\n\n\n<li>Modularit\u00e4t, die schnelle Reparaturen und einfache Wartung erm\u00f6glicht<\/li>\n\n\n\n<li>Flexibilit\u00e4t f\u00fcr verschiedene Trommeldurchmesser und Anwendungen<\/li>\n\n\n\n<li>M\u00f6glichkeit des Hei\u00dfverklebens und Aufschwei\u00dfens von Zubeh\u00f6r<\/li>\n\n\n\n<li>Reduziert Ausfallzeiten dank seiner schnellen Wartung<\/li>\n\n\n\n<li>Anpassbar an mehrere Prozesse: Waschen, Trocknen, K\u00fchlen, Wasseraufbereitung<\/li>\n<\/ul>\n<\/div>\n\n\n\n<div class=\"wp-block-group hi-technical-information-box is-layout-constrained wp-block-group-is-layout-constrained\">\n<h3 class=\"wp-block-heading\">Funktionen<\/h3>\n\n\n\n<ul class=\"wp-block-list hi-list-icon-arrow\">\n<li>Netzmaterial: PET-Monofilament<\/li>\n\n\n\n<li>Verf\u00fcgbare Farben: Blau<\/li>\n\n\n\n<li>Seitenverst\u00e4rkungen: 50 mm breite PVC-Streifen<\/li>\n\n\n\n<li>Betriebstemperatur: -15 \u00b0C bis +80 \u00b0C (gelegentlich bis zu +100 \u00b0C)<\/li>\n\n\n\n<li>Lebensmittelqualit\u00e4t: Entspricht den Verordnungen FDA und EU Nr. 1935\/2004 und 10\/2011  <\/li>\n\n\n\n<li>Verbindungsmethode: RS125 Metallklammern und Hei\u00dfvulkanisation<\/li>\n\n\n\n<li>Schwei\u00dfbares Zubeh\u00f6r: Querstollen, L\u00e4ngsf\u00fchrungen<\/li>\n<\/ul>\n<\/div>\n<\/div>\n<\/div>\n<\/div>\n<\/div>\n\n<div class=\"wp-block-group alignwide is-vertical is-layout-flex wp-block-group-is-layout-flex\">\n<h2 class=\"wp-block-heading\">Downloads<\/h2>\n\n\n\n\t\t\t\t\t<div class=\"wp-block-group hi-resource-card alignwide has-background\">\n\t\t\t\t\t\t\n\t\t\t\t\t\t<div>\n\t\t\t\t\t\t\t<h3 class=\"wp-block-heading hi-h5\"><a href=\"https:\/\/www.esbelt.com\/pdf\/meshbelts-en.pdf\" target=\"_blank\" >Meshbelts Gittergewebeb\u00e4nder<\/a> (<span class=\"hi-icon-newtab\">PDF EN<\/span>)<\/h3>\n\t\t\t\t\t\t\t<p class=\"hi-h6\">PVC-verst\u00e4rkte Maschenb\u00e4nder mit Maschenweiten von 1,1\u00d71,1 mm und 2\u00d72 mm, jeweils verf\u00fcgbar in Breiten bis zu 2250 mm bzw. 2100 mm.<\/p>\n\t\t\t\t\t\t<\/div>\n\t\t\t\t\t<\/div>\n<\/div>\n\n<div class=\"wp-block-group alignfull is-layout-constrained wp-block-group-is-layout-constrained\">\n<h2 class=\"wp-block-heading alignwide\">Anwendungen<\/h2>\n\n\n\n<figure class=\"wp-block-gallery alignwide has-nested-images columns-3 is-cropped hi-slider wp-block-gallery-1 is-layout-flex wp-block-gallery-is-layout-flex\">\n<figure class=\"wp-block-image size-full\"><img loading=\"lazy\" decoding=\"async\" width=\"900\" height=\"1600\" data-id=\"2788\" src=\"https:\/\/www.esbelt.com\/wp-content\/uploads\/2025\/10\/Banda-tipo-Meshbelt-2x2-1.jpg\" alt=\"Netzband zum Waschen von Orangen\" class=\"wp-image-2788\" srcset=\"https:\/\/www.esbelt.com\/wp-content\/uploads\/2025\/10\/Banda-tipo-Meshbelt-2x2-1.jpg 900w, https:\/\/www.esbelt.com\/wp-content\/uploads\/2025\/10\/Banda-tipo-Meshbelt-2x2-1-124x220.jpg 124w, https:\/\/www.esbelt.com\/wp-content\/uploads\/2025\/10\/Banda-tipo-Meshbelt-2x2-1-189x336.jpg 189w, https:\/\/www.esbelt.com\/wp-content\/uploads\/2025\/10\/Banda-tipo-Meshbelt-2x2-1-768x1365.jpg 768w, https:\/\/www.esbelt.com\/wp-content\/uploads\/2025\/10\/Banda-tipo-Meshbelt-2x2-1-864x1536.jpg 864w\" sizes=\"auto, (max-width: 900px) 100vw, 900px\" \/><figcaption class=\"wp-element-caption\">Netzband zum Waschen von Orangen<\/figcaption><\/figure>\n\n\n\n<figure class=\"wp-block-image size-full\"><img loading=\"lazy\" decoding=\"async\" width=\"750\" height=\"557\" data-id=\"3771\" src=\"https:\/\/www.esbelt.com\/wp-content\/uploads\/2025\/10\/meshbelt-vegetables.jpg\" alt=\"\" class=\"wp-image-3771\" srcset=\"https:\/\/www.esbelt.com\/wp-content\/uploads\/2025\/10\/meshbelt-vegetables.jpg 750w, https:\/\/www.esbelt.com\/wp-content\/uploads\/2025\/10\/meshbelt-vegetables-296x220.jpg 296w, https:\/\/www.esbelt.com\/wp-content\/uploads\/2025\/10\/meshbelt-vegetables-452x336.jpg 452w\" sizes=\"auto, (max-width: 750px) 100vw, 750px\" \/><figcaption class=\"wp-element-caption\">Netzband zum Waschen von Gem\u00fcse<\/figcaption><\/figure>\n<\/figure>\n<\/div>\n\n<p><\/p>\n","protected":false},"featured_media":0,"parent":5639,"menu_order":77,"template":"","class_list":["post-5646","bandas","type-bandas","status-publish","hentry"],"acf":[],"yoast_head":"<!-- This site is optimized with the Yoast SEO plugin v27.0 - https:\/\/yoast.com\/product\/yoast-seo-wordpress\/ -->\n<title>PVC-Filterb\u00e4nder - esbelt<\/title>\n<meta name=\"description\" content=\"Netzb\u00e4nder mit reduzierten Lichtspalten, ideal f\u00fcr leichte Produkte und zum Filtern von feink\u00f6rnigen Abf\u00e4llen.\" \/>\n<meta name=\"robots\" content=\"index, follow, max-snippet:-1, max-image-preview:large, max-video-preview:-1\" \/>\n<link rel=\"canonical\" href=\"https:\/\/www.esbelt.com\/de\/produkte\/transportbander\/filterbaender\/meshbelts\/\" \/>\n<meta property=\"og:locale\" content=\"de_DE\" \/>\n<meta property=\"og:type\" content=\"article\" \/>\n<meta property=\"og:title\" content=\"PVC-Filterb\u00e4nder - esbelt\" \/>\n<meta property=\"og:description\" content=\"Netzb\u00e4nder mit reduzierten Lichtspalten, ideal f\u00fcr leichte Produkte und zum Filtern von feink\u00f6rnigen Abf\u00e4llen.\" \/>\n<meta property=\"og:url\" content=\"https:\/\/www.esbelt.com\/de\/produkte\/transportbander\/filterbaender\/meshbelts\/\" \/>\n<meta property=\"og:site_name\" content=\"esbelt\" \/>\n<meta property=\"article:modified_time\" content=\"2026-02-16T14:44:47+00:00\" \/>\n<meta property=\"og:image\" content=\"https:\/\/www.esbelt.com\/wp-content\/uploads\/2025\/10\/Banda-de-malla-1x1-1-1.jpg\" \/>\n\t<meta property=\"og:image:width\" content=\"750\" \/>\n\t<meta property=\"og:image:height\" content=\"750\" \/>\n\t<meta property=\"og:image:type\" content=\"image\/jpeg\" \/>\n<meta name=\"twitter:card\" content=\"summary_large_image\" \/>\n<meta name=\"twitter:label1\" content=\"Gesch\u00e4tzte Lesezeit\" \/>\n\t<meta name=\"twitter:data1\" content=\"1\u00a0Minute\" \/>\n<script type=\"application\/ld+json\" class=\"yoast-schema-graph\">{\"@context\":\"https:\/\/schema.org\",\"@graph\":[{\"@type\":\"WebPage\",\"@id\":\"https:\/\/www.esbelt.com\/de\/produkte\/transportbander\/filterbaender\/meshbelts\/\",\"url\":\"https:\/\/www.esbelt.com\/de\/produkte\/transportbander\/filterbaender\/meshbelts\/\",\"name\":\"PVC-Filterb\u00e4nder - esbelt\",\"isPartOf\":{\"@id\":\"https:\/\/www.esbelt.com\/de\/#website\"},\"primaryImageOfPage\":{\"@id\":\"https:\/\/www.esbelt.com\/de\/produkte\/transportbander\/filterbaender\/meshbelts\/#primaryimage\"},\"image\":{\"@id\":\"https:\/\/www.esbelt.com\/de\/produkte\/transportbander\/filterbaender\/meshbelts\/#primaryimage\"},\"thumbnailUrl\":\"https:\/\/www.esbelt.com\/wp-content\/uploads\/2025\/10\/Banda-de-malla-1x1-1-1-336x336.jpg\",\"datePublished\":\"2025-10-15T14:34:28+00:00\",\"dateModified\":\"2026-02-16T14:44:47+00:00\",\"description\":\"Netzb\u00e4nder mit reduzierten Lichtspalten, ideal f\u00fcr leichte Produkte und zum Filtern von feink\u00f6rnigen Abf\u00e4llen.\",\"breadcrumb\":{\"@id\":\"https:\/\/www.esbelt.com\/de\/produkte\/transportbander\/filterbaender\/meshbelts\/#breadcrumb\"},\"inLanguage\":\"de\",\"potentialAction\":[{\"@type\":\"ReadAction\",\"target\":[\"https:\/\/www.esbelt.com\/de\/produkte\/transportbander\/filterbaender\/meshbelts\/\"]}]},{\"@type\":\"ImageObject\",\"inLanguage\":\"de\",\"@id\":\"https:\/\/www.esbelt.com\/de\/produkte\/transportbander\/filterbaender\/meshbelts\/#primaryimage\",\"url\":\"https:\/\/www.esbelt.com\/wp-content\/uploads\/2025\/10\/Banda-de-malla-1x1-1-1-336x336.jpg\",\"contentUrl\":\"https:\/\/www.esbelt.com\/wp-content\/uploads\/2025\/10\/Banda-de-malla-1x1-1-1-336x336.jpg\"},{\"@type\":\"BreadcrumbList\",\"@id\":\"https:\/\/www.esbelt.com\/de\/produkte\/transportbander\/filterbaender\/meshbelts\/#breadcrumb\",\"itemListElement\":[{\"@type\":\"ListItem\",\"position\":1,\"name\":\"Startseite\",\"item\":\"https:\/\/www.esbelt.com\/de\/startseite\/\"},{\"@type\":\"ListItem\",\"position\":2,\"name\":\"Filterb\u00e4nder\",\"item\":\"https:\/\/www.esbelt.com\/de\/produkte\/transportbander\/filterbaender\/\"},{\"@type\":\"ListItem\",\"position\":3,\"name\":\"Meshbelts\"}]},{\"@type\":\"WebSite\",\"@id\":\"https:\/\/www.esbelt.com\/de\/#website\",\"url\":\"https:\/\/www.esbelt.com\/de\/\",\"name\":\"esbelt\",\"description\":\"Somos fabricantes de bandas transportadoras, perfiles, correas para aplicaciones alimentarias, industriales y agr\u00edcolas.\",\"publisher\":{\"@id\":\"https:\/\/www.esbelt.com\/de\/#organization\"},\"potentialAction\":[{\"@type\":\"SearchAction\",\"target\":{\"@type\":\"EntryPoint\",\"urlTemplate\":\"https:\/\/www.esbelt.com\/de\/?s={search_term_string}\"},\"query-input\":{\"@type\":\"PropertyValueSpecification\",\"valueRequired\":true,\"valueName\":\"search_term_string\"}}],\"inLanguage\":\"de\"},{\"@type\":\"Organization\",\"@id\":\"https:\/\/www.esbelt.com\/de\/#organization\",\"name\":\"esbelt\",\"url\":\"https:\/\/www.esbelt.com\/de\/\",\"logo\":{\"@type\":\"ImageObject\",\"inLanguage\":\"de\",\"@id\":\"https:\/\/www.esbelt.com\/de\/#\/schema\/logo\/image\/\",\"url\":\"https:\/\/www.esbelt.com\/wp-content\/uploads\/2025\/08\/esbelt.svg\",\"contentUrl\":\"https:\/\/www.esbelt.com\/wp-content\/uploads\/2025\/08\/esbelt.svg\",\"width\":123,\"height\":33,\"caption\":\"esbelt\"},\"image\":{\"@id\":\"https:\/\/www.esbelt.com\/de\/#\/schema\/logo\/image\/\"}}]}<\/script>\n<!-- \/ Yoast SEO plugin. -->","yoast_head_json":{"title":"PVC-Filterb\u00e4nder - esbelt","description":"Netzb\u00e4nder mit reduzierten Lichtspalten, ideal f\u00fcr leichte Produkte und zum Filtern von feink\u00f6rnigen Abf\u00e4llen.","robots":{"index":"index","follow":"follow","max-snippet":"max-snippet:-1","max-image-preview":"max-image-preview:large","max-video-preview":"max-video-preview:-1"},"canonical":"https:\/\/www.esbelt.com\/de\/produkte\/transportbander\/filterbaender\/meshbelts\/","og_locale":"de_DE","og_type":"article","og_title":"PVC-Filterb\u00e4nder - esbelt","og_description":"Netzb\u00e4nder mit reduzierten Lichtspalten, ideal f\u00fcr leichte Produkte und zum Filtern von feink\u00f6rnigen Abf\u00e4llen.","og_url":"https:\/\/www.esbelt.com\/de\/produkte\/transportbander\/filterbaender\/meshbelts\/","og_site_name":"esbelt","article_modified_time":"2026-02-16T14:44:47+00:00","og_image":[{"width":750,"height":750,"url":"https:\/\/www.esbelt.com\/wp-content\/uploads\/2025\/10\/Banda-de-malla-1x1-1-1.jpg","type":"image\/jpeg"}],"twitter_card":"summary_large_image","twitter_misc":{"Gesch\u00e4tzte Lesezeit":"1\u00a0Minute"},"schema":{"@context":"https:\/\/schema.org","@graph":[{"@type":"WebPage","@id":"https:\/\/www.esbelt.com\/de\/produkte\/transportbander\/filterbaender\/meshbelts\/","url":"https:\/\/www.esbelt.com\/de\/produkte\/transportbander\/filterbaender\/meshbelts\/","name":"PVC-Filterb\u00e4nder - esbelt","isPartOf":{"@id":"https:\/\/www.esbelt.com\/de\/#website"},"primaryImageOfPage":{"@id":"https:\/\/www.esbelt.com\/de\/produkte\/transportbander\/filterbaender\/meshbelts\/#primaryimage"},"image":{"@id":"https:\/\/www.esbelt.com\/de\/produkte\/transportbander\/filterbaender\/meshbelts\/#primaryimage"},"thumbnailUrl":"https:\/\/www.esbelt.com\/wp-content\/uploads\/2025\/10\/Banda-de-malla-1x1-1-1-336x336.jpg","datePublished":"2025-10-15T14:34:28+00:00","dateModified":"2026-02-16T14:44:47+00:00","description":"Netzb\u00e4nder mit reduzierten Lichtspalten, ideal f\u00fcr leichte Produkte und zum Filtern von feink\u00f6rnigen Abf\u00e4llen.","breadcrumb":{"@id":"https:\/\/www.esbelt.com\/de\/produkte\/transportbander\/filterbaender\/meshbelts\/#breadcrumb"},"inLanguage":"de","potentialAction":[{"@type":"ReadAction","target":["https:\/\/www.esbelt.com\/de\/produkte\/transportbander\/filterbaender\/meshbelts\/"]}]},{"@type":"ImageObject","inLanguage":"de","@id":"https:\/\/www.esbelt.com\/de\/produkte\/transportbander\/filterbaender\/meshbelts\/#primaryimage","url":"https:\/\/www.esbelt.com\/wp-content\/uploads\/2025\/10\/Banda-de-malla-1x1-1-1-336x336.jpg","contentUrl":"https:\/\/www.esbelt.com\/wp-content\/uploads\/2025\/10\/Banda-de-malla-1x1-1-1-336x336.jpg"},{"@type":"BreadcrumbList","@id":"https:\/\/www.esbelt.com\/de\/produkte\/transportbander\/filterbaender\/meshbelts\/#breadcrumb","itemListElement":[{"@type":"ListItem","position":1,"name":"Startseite","item":"https:\/\/www.esbelt.com\/de\/startseite\/"},{"@type":"ListItem","position":2,"name":"Filterb\u00e4nder","item":"https:\/\/www.esbelt.com\/de\/produkte\/transportbander\/filterbaender\/"},{"@type":"ListItem","position":3,"name":"Meshbelts"}]},{"@type":"WebSite","@id":"https:\/\/www.esbelt.com\/de\/#website","url":"https:\/\/www.esbelt.com\/de\/","name":"esbelt","description":"Somos fabricantes de bandas transportadoras, perfiles, correas para aplicaciones alimentarias, industriales y agr\u00edcolas.","publisher":{"@id":"https:\/\/www.esbelt.com\/de\/#organization"},"potentialAction":[{"@type":"SearchAction","target":{"@type":"EntryPoint","urlTemplate":"https:\/\/www.esbelt.com\/de\/?s={search_term_string}"},"query-input":{"@type":"PropertyValueSpecification","valueRequired":true,"valueName":"search_term_string"}}],"inLanguage":"de"},{"@type":"Organization","@id":"https:\/\/www.esbelt.com\/de\/#organization","name":"esbelt","url":"https:\/\/www.esbelt.com\/de\/","logo":{"@type":"ImageObject","inLanguage":"de","@id":"https:\/\/www.esbelt.com\/de\/#\/schema\/logo\/image\/","url":"https:\/\/www.esbelt.com\/wp-content\/uploads\/2025\/08\/esbelt.svg","contentUrl":"https:\/\/www.esbelt.com\/wp-content\/uploads\/2025\/08\/esbelt.svg","width":123,"height":33,"caption":"esbelt"},"image":{"@id":"https:\/\/www.esbelt.com\/de\/#\/schema\/logo\/image\/"}}]}},"_links":{"self":[{"href":"https:\/\/www.esbelt.com\/de\/wp-json\/wp\/v2\/bandas\/5646","targetHints":{"allow":["GET"]}}],"collection":[{"href":"https:\/\/www.esbelt.com\/de\/wp-json\/wp\/v2\/bandas"}],"about":[{"href":"https:\/\/www.esbelt.com\/de\/wp-json\/wp\/v2\/types\/bandas"}],"up":[{"embeddable":true,"href":"https:\/\/www.esbelt.com\/de\/wp-json\/wp\/v2\/bandas\/5639"}],"wp:attachment":[{"href":"https:\/\/www.esbelt.com\/de\/wp-json\/wp\/v2\/media?parent=5646"}],"curies":[{"name":"wp","href":"https:\/\/api.w.org\/{rel}","templated":true}]}}